{"id":220,"date":"2016-11-17T14:43:20","date_gmt":"2016-11-17T13:43:20","guid":{"rendered":"http:\/\/localhost\/wordpress\/?page_id=220"},"modified":"2024-09-24T00:57:08","modified_gmt":"2024-09-23T22:57:08","slug":"mariage","status":"publish","type":"page","link":"https:\/\/www.secteur-lafertealais.fr\/index.php\/mariage\/","title":{"rendered":"Mariage"},"content":{"rendered":"<p><img decoding=\"async\" class=\"alignnone size-full wp-image-7219 aligncenter\" src=\"http:\/\/www.secteur-lafertealais.fr\/wp-content\/uploads\/2019\/05\/Mariage.jpg\" alt=\"\" width=\"200\" height=\"200\" srcset=\"https:\/\/www.secteur-lafertealais.fr\/wp-content\/uploads\/2019\/05\/Mariage.jpg 200w, https:\/\/www.secteur-lafertealais.fr\/wp-content\/uploads\/2019\/05\/Mariage-150x150.jpg 150w\" sizes=\"(max-width: 200px) 100vw, 200px\" \/><\/p>\n<p>Le mariage n&rsquo;est pas qu&rsquo;une institution humaine, il a \u00e9t\u00e9 voulu par Dieu qui a cr\u00e9e l&rsquo;homme et la femme pour qu&rsquo;ils ne fassent plus qu&rsquo;un. Il est \u00e0 l&rsquo;image de l&rsquo;Alliance \u00e9tablie entre Dieu et les hommes par son Fils J\u00e9sus qui est devenu l\u2019\u00c9poux de l&rsquo;Eglise.\u00a0 Dieu, par le mariage, b\u00e9nit l&rsquo;homme et la femme qui ont d\u00e9cid\u00e9 de s&rsquo;unir pour la vie et les destine \u00e0 \u00eatre f\u00e9conds en accueillant et en \u00e9duquant les enfants qui na\u00eetront de leur amour.<\/p>\n<p style=\"text-align: justify;\">Ce sont les \u00e9poux eux-m\u00eames qui se donnent le sacrement du mariage en exprimant devant l&rsquo;Eglise leur consentement mutuel. Le pr\u00eatre ou le diacre pr\u00e9sent est t\u00e9moin de ce consentement mais sa b\u00e9n\u00e9diction est n\u00e9cessaire pour que le sacrement soit valide.<\/p>\n<p style=\"text-align: justify;\"><!-- Pour vous pr\u00e9parer le mieux possible \u00e0 recevoir ce sacrement et \u00e0 en d\u00e9velopper toutes les gr\u00e2ces au cours de votre vie commune, le secteur vous demande une pr\u00e9paration qui court sur environ une petite ann\u00e9e. Contactez votre paroisse d\u00e8s que vous avez pris la d\u00e9cision de vous marier, elle vous pr\u00e9sentera l'ensemble du cursus. --><\/p>\n<p style=\"text-align: justify;\">Vous souhaitez vous marier : Prenez contact avec la permanence de votre paroisse, au minimum 1 an avant la date choisie.<br \/>\nVous serez ensuite orient\u00e9s vers un pr\u00eatre du secteur.<\/p>\n<p style=\"text-align: justify;\">. Dans le cadre de l&rsquo;EPM (Equipe de Pr\u00e9paration au Mariage) diff\u00e9rentes rencontres, un dimanche et deux vendredis soirs ou quatre vendredis soirs, vous seront propos\u00e9es.<\/p>\n<p style=\"text-align: justify;\"><strong>Le mariage \u00ab\u00a0c&rsquo;est du s\u00e9rieux\u00a0\u00bb,\u00a0 c&rsquo;est pour cela que cette d\u00e9marche de pr\u00e9paration est obligatoire.<\/strong><\/p>\n<p style=\"text-align: justify;\"><a href=\"https:\/\/www.secteur-lafertealais.fr\/index.php\/eps\/#membres\">Contactez le pr\u00eatre de votre paroisse<\/a><\/p>\n","protected":false},"excerpt":{"rendered":"<p>Le mariage n&rsquo;est pas qu&rsquo;une institution humaine, il a \u00e9t\u00e9 voulu par Dieu qui a cr\u00e9e l&rsquo;homme et la femme pour qu&rsquo;ils ne fassent plus qu&rsquo;un. Il est \u00e0 l&rsquo;image de l&rsquo;Alliance \u00e9tablie entre Dieu et les hommes par son Fils J\u00e9sus qui est devenu l\u2019\u00c9poux de l&rsquo;Eglise.\u00a0 Dieu, par le mariage, b\u00e9nit l&rsquo;homme et [&hellip;]<\/p>\n","protected":false},"author":1,"featured_media":0,"parent":0,"menu_order":0,"comment_status":"closed","ping_status":"closed","template":"","meta":{"footnotes":""},"class_list":["post-220","page","type-page","status-publish","hentry"],"jetpack_sharing_enabled":true,"_links":{"self":[{"href":"https:\/\/www.secteur-lafertealais.fr\/index.php\/wp-json\/wp\/v2\/pages\/220"}],"collection":[{"href":"https:\/\/www.secteur-lafertealais.fr\/index.php\/wp-json\/wp\/v2\/pages"}],"about":[{"href":"https:\/\/www.secteur-lafertealais.fr\/index.php\/wp-json\/wp\/v2\/types\/page"}],"author":[{"embeddable":true,"href":"https:\/\/www.secteur-lafertealais.fr\/index.php\/wp-json\/wp\/v2\/users\/1"}],"replies":[{"embeddable":true,"href":"https:\/\/www.secteur-lafertealais.fr\/index.php\/wp-json\/wp\/v2\/comments?post=220"}],"version-history":[{"count":6,"href":"https:\/\/www.secteur-lafertealais.fr\/index.php\/wp-json\/wp\/v2\/pages\/220\/revisions"}],"predecessor-version":[{"id":8816,"href":"https:\/\/www.secteur-lafertealais.fr\/index.php\/wp-json\/wp\/v2\/pages\/220\/revisions\/8816"}],"wp:attachment":[{"href":"https:\/\/www.secteur-lafertealais.fr\/index.php\/wp-json\/wp\/v2\/media?parent=220"}],"curies":[{"name":"wp","href":"https:\/\/api.w.org\/{rel}","templated":true}]}}