{"id":237,"date":"2016-11-17T15:06:57","date_gmt":"2016-11-17T14:06:57","guid":{"rendered":"http:\/\/localhost\/wordpress\/?page_id=237"},"modified":"2025-11-04T18:36:49","modified_gmt":"2025-11-04T17:36:49","slug":"aumonerie-des-jeunes","status":"publish","type":"page","link":"https:\/\/www.secteur-lafertealais.fr\/index.php\/aumonerie-des-jeunes\/","title":{"rendered":"12-18 ans"},"content":{"rendered":"\t\t<div data-elementor-type=\"wp-page\" data-elementor-id=\"237\" class=\"elementor elementor-237\" data-elementor-post-type=\"page\">\n\t\t\t\t<div class=\"elementor-element elementor-element-e592119 e-flex e-con-boxed e-con e-parent\" data-id=\"e592119\" data-element_type=\"container\" data-e-type=\"container\">\n\t\t\t\t\t<div class=\"e-con-inner\">\n\t\t<div class=\"elementor-element elementor-element-2ce0c73 e-con-full e-flex e-con e-child\" data-id=\"2ce0c73\" data-element_type=\"container\" data-e-type=\"container\">\n\t\t\t\t<div class=\"elementor-element elementor-element-98e2de5 elementor-widget elementor-widget-button\" data-id=\"98e2de5\" data-element_type=\"widget\" data-e-type=\"widget\" data-widget_type=\"button.default\">\n\t\t\t\t<div class=\"elementor-widget-container\">\n\t\t\t\t\t\t\t\t\t<div class=\"elementor-button-wrapper\">\n\t\t\t\t\t<a class=\"elementor-button elementor-button-link elementor-size-sm\" href=\"#aep\">\n\t\t\t\t\t\t<span class=\"elementor-button-content-wrapper\">\n\t\t\t\t\t\t\t\t\t<span class=\"elementor-button-text\">Aum\u00f4nerie 12-18 ans <\/span>\n\t\t\t\t\t<\/span>\n\t\t\t\t\t<\/a>\n\t\t\t\t<\/div>\n\t\t\t\t\t\t\t\t<\/div>\n\t\t\t\t<\/div>\n\t\t\t\t<\/div>\n\t\t<div class=\"elementor-element elementor-element-05d3958 e-con-full e-flex e-con e-child\" data-id=\"05d3958\" data-element_type=\"container\" data-e-type=\"container\">\n\t\t\t\t<div class=\"elementor-element elementor-element-9a5fa13 elementor-widget elementor-widget-button\" data-id=\"9a5fa13\" data-element_type=\"widget\" data-e-type=\"widget\" data-widget_type=\"button.default\">\n\t\t\t\t<div class=\"elementor-widget-container\">\n\t\t\t\t\t\t\t\t\t<div class=\"elementor-button-wrapper\">\n\t\t\t\t\t<a class=\"elementor-button elementor-button-link elementor-size-sm\" href=\"#sacrementados\">\n\t\t\t\t\t\t<span class=\"elementor-button-content-wrapper\">\n\t\t\t\t\t\t\t\t\t<span class=\"elementor-button-text\">recevoir les sacrements<\/span>\n\t\t\t\t\t<\/span>\n\t\t\t\t\t<\/a>\n\t\t\t\t<\/div>\n\t\t\t\t\t\t\t\t<\/div>\n\t\t\t\t<\/div>\n\t\t\t\t<\/div>\n\t\t<div class=\"elementor-element elementor-element-d658868 e-con-full e-flex e-con e-child\" data-id=\"d658868\" data-element_type=\"container\" data-e-type=\"container\">\n\t\t\t\t<div class=\"elementor-element elementor-element-0eec660 elementor-widget elementor-widget-button\" data-id=\"0eec660\" data-element_type=\"widget\" data-e-type=\"widget\" data-widget_type=\"button.default\">\n\t\t\t\t<div class=\"elementor-widget-container\">\n\t\t\t\t\t\t\t\t\t<div class=\"elementor-button-wrapper\">\n\t\t\t\t\t<a class=\"elementor-button elementor-button-link elementor-size-sm\" href=\"#educationados\">\n\t\t\t\t\t\t<span class=\"elementor-button-content-wrapper\">\n\t\t\t\t\t\t\t\t\t<span class=\"elementor-button-text\">Scoutisme<\/span>\n\t\t\t\t\t<\/span>\n\t\t\t\t\t<\/a>\n\t\t\t\t<\/div>\n\t\t\t\t\t\t\t\t<\/div>\n\t\t\t\t<\/div>\n\t\t\t\t<\/div>\n\t\t\t\t\t<\/div>\n\t\t\t\t<\/div>\n\t\t<div class=\"elementor-element elementor-element-e28fdb9 e-flex e-con-boxed e-con e-parent\" data-id=\"e28fdb9\" data-element_type=\"container\" data-e-type=\"container\">\n\t\t\t\t\t<div class=\"e-con-inner\">\n\t\t\t\t<div class=\"elementor-element elementor-element-637dcaf elementor-align-center elementor-widget elementor-widget-button\" data-id=\"637dcaf\" data-element_type=\"widget\" data-e-type=\"widget\" data-widget_type=\"button.default\">\n\t\t\t\t<div class=\"elementor-widget-container\">\n\t\t\t\t\t\t\t\t\t<div class=\"elementor-button-wrapper\">\n\t\t\t\t\t<a class=\"elementor-button elementor-button-link elementor-size-sm\" href=\"#agendasaep\">\n\t\t\t\t\t\t<span class=\"elementor-button-content-wrapper\">\n\t\t\t\t\t\t\t\t\t<span class=\"elementor-button-text\">Agendas  coll\u00e8ge Lyc\u00e9e<\/span>\n\t\t\t\t\t<\/span>\n\t\t\t\t\t<\/a>\n\t\t\t\t<\/div>\n\t\t\t\t\t\t\t\t<\/div>\n\t\t\t\t<\/div>\n\t\t\t\t<div class=\"elementor-element elementor-element-9d2d627 elementor-widget elementor-widget-menu-anchor\" data-id=\"9d2d627\" data-element_type=\"widget\" data-e-type=\"widget\" data-widget_type=\"menu-anchor.default\">\n\t\t\t\t<div class=\"elementor-widget-container\">\n\t\t\t\t\t\t\t<div class=\"elementor-menu-anchor\" id=\"aep\"><\/div>\n\t\t\t\t\t\t<\/div>\n\t\t\t\t<\/div>\n\t\t\t\t\t<\/div>\n\t\t\t\t<\/div>\n\t\t<div class=\"elementor-element elementor-element-e303ab7 e-flex e-con-boxed e-con e-parent\" data-id=\"e303ab7\" data-element_type=\"container\" data-e-type=\"container\" data-settings=\"{&quot;background_background&quot;:&quot;classic&quot;}\">\n\t\t\t\t\t<div class=\"e-con-inner\">\n\t\t\t\t<div class=\"elementor-element elementor-element-d4f9424 elementor-widget elementor-widget-heading\" data-id=\"d4f9424\" data-element_type=\"widget\" data-e-type=\"widget\" data-widget_type=\"heading.default\">\n\t\t\t\t<div class=\"elementor-widget-container\">\n\t\t\t\t\t<h2 class=\"elementor-heading-title elementor-size-default\">\nAum\u00f4nerie des jeunes\n<\/h2>\t\t\t\t<\/div>\n\t\t\t\t<\/div>\n\t\t\t\t\t<\/div>\n\t\t\t\t<\/div>\n\t\t<div class=\"elementor-element elementor-element-ca84b30 e-flex e-con-boxed e-con e-parent\" data-id=\"ca84b30\" data-element_type=\"container\" data-e-type=\"container\" data-settings=\"{&quot;background_background&quot;:&quot;classic&quot;}\">\n\t\t\t\t\t<div class=\"e-con-inner\">\n\t\t<div class=\"elementor-element elementor-element-06fe1ab e-con-full e-flex e-con e-child\" data-id=\"06fe1ab\" data-element_type=\"container\" data-e-type=\"container\">\n\t\t\t\t<div class=\"elementor-element elementor-element-203c080e elementor-widget elementor-widget-text-editor\" data-id=\"203c080e\" data-element_type=\"widget\" data-e-type=\"widget\" data-widget_type=\"text-editor.default\">\n\t\t\t\t<div class=\"elementor-widget-container\">\n\t\t\t\t\t\t\t\t\t<p>L&rsquo;aum\u00f4nerie s&rsquo;adresse aux jeunes scolaris\u00e9s de la 6\u00b0 \u00e0 la terminale ou d&rsquo;\u00e2ges \u00e9quivalents.<br \/>Elle propose des parcours adapt\u00e9s par niveaux 6\u00b0, 5\u00b0, 4\u00b0\/3\u00b0 et second cycle.<br \/>Les objectifs principaux sont d&rsquo;accompagner les jeunes sur leur chemin de foi et de vie.<br \/>Il s&rsquo;agit d&rsquo;abord de vivre avec eux, de partager une exp\u00e9rience de foi, de tenter de r\u00e9pondre \u00e0 leurs questionnements, de mani\u00e8re \u00e0 les aider \u00e0 d\u00e9couvrir la pr\u00e9sence de J\u00e9sus-Christ dans leur propre vie.<\/p><p>Concr\u00e8tement, les jeunes sont regroup\u00e9s \u00e0 8 ou 10 autour d&rsquo;un animateur pour les plus jeunes, et davantage pour les a\u00een\u00e9s. Ils r\u00e9fl\u00e9chissent ensemble, construisent des projets, participent \u00e0 des rassemblements sur le secteur, le dioc\u00e8se ou toute l&rsquo;Ile de France (Frat).<br \/>L&rsquo;aum\u00f4nerie est aussi un lieu de proposition des sacrements, en particulier la confirmation et l&rsquo;eucharistie.<br \/>L&rsquo;aum\u00f4nerie couvre tout le secteur de La Fert\u00e9-Alais mais les jeunes de diff\u00e9rents villages peuvent se r\u00e9unir dans un lieu o\u00f9 ils n&rsquo;habitent pas.<br \/>Administrativement elle est regroup\u00e9e en une association qui a pour nom PARTAJ.<\/p>\t\t\t\t\t\t\t\t<\/div>\n\t\t\t\t<\/div>\n\t\t\t\t<\/div>\n\t\t<div class=\"elementor-element elementor-element-a451771 e-con-full e-flex e-con e-child\" data-id=\"a451771\" data-element_type=\"container\" data-e-type=\"container\">\n\t\t\t\t<div class=\"elementor-element elementor-element-86670eb elementor-widget elementor-widget-button\" data-id=\"86670eb\" data-element_type=\"widget\" data-e-type=\"widget\" data-widget_type=\"button.default\">\n\t\t\t\t<div class=\"elementor-widget-container\">\n\t\t\t\t\t\t\t\t\t<div class=\"elementor-button-wrapper\">\n\t\t\t\t\t<a class=\"elementor-button elementor-button-link elementor-size-sm\" href=\"https:\/\/my.rowshare.com\/survey\/391dc33508ab4f25ad5cec8bf1b7e535\">\n\t\t\t\t\t\t<span class=\"elementor-button-content-wrapper\">\n\t\t\t\t\t\t\t\t\t<span class=\"elementor-button-text\">Inscription en ligne sur ce lien<\/span>\n\t\t\t\t\t<\/span>\n\t\t\t\t\t<\/a>\n\t\t\t\t<\/div>\n\t\t\t\t\t\t\t\t<\/div>\n\t\t\t\t<\/div>\n\t\t\t\t<div class=\"elementor-element elementor-element-18714bc elementor-widget elementor-widget-text-editor\" data-id=\"18714bc\" data-element_type=\"widget\" data-e-type=\"widget\" data-widget_type=\"text-editor.default\">\n\t\t\t\t<div class=\"elementor-widget-container\">\n\t\t\t\t\t\t\t\t\t<p>Le P\u00e8re Nils Martelli\u00e8re accompagne les 6\u00b0, 5\u00b0 et les lyc\u00e9ens.<\/p><p>Le P\u00e8re Jean Marie Flour accompagne les 4\u00b0 et 3\u00b0<\/p><h3><strong>Coll\u00e8ge (6e, 5e, 4e, 3e)<\/strong><\/h3><h6>Jean-Jacques\u00a0 Fournier<br \/>01 64 93 51 35 \u00a0\u00a0&#8211;\u00a0 \u00a006 76 45 42 29<br \/>j2frn@outlook.fr<\/h6><h3><strong>Lyc\u00e9e (2e, 1e, Terminale)<\/strong><\/h3><h6>Agn\u00e8s Schuster<br \/>01 64 93 02 26 &#8211;\u00a0 06 32 31 99 72<br \/>secondcycle.lfa@gmail.com<\/h6>\t\t\t\t\t\t\t\t<\/div>\n\t\t\t\t<\/div>\n\t\t\t\t<\/div>\n\t\t\t\t\t<\/div>\n\t\t\t\t<\/div>\n\t\t<div class=\"elementor-element elementor-element-67e6a58b e-flex e-con-boxed e-con e-parent\" data-id=\"67e6a58b\" data-element_type=\"container\" data-e-type=\"container\" data-settings=\"{&quot;background_background&quot;:&quot;classic&quot;}\">\n\t\t\t\t\t<div class=\"e-con-inner\">\n\t\t<div class=\"elementor-element elementor-element-aaabeff e-con-full e-flex e-con e-child\" data-id=\"aaabeff\" data-element_type=\"container\" data-e-type=\"container\">\n\t\t\t\t<div class=\"elementor-element elementor-element-3b4354b elementor-widget elementor-widget-menu-anchor\" data-id=\"3b4354b\" data-element_type=\"widget\" data-e-type=\"widget\" data-widget_type=\"menu-anchor.default\">\n\t\t\t\t<div class=\"elementor-widget-container\">\n\t\t\t\t\t\t\t<div class=\"elementor-menu-anchor\" id=\"sacrementados\"><\/div>\n\t\t\t\t\t\t<\/div>\n\t\t\t\t<\/div>\n\t\t\t\t<\/div>\n\t\t\t\t\t<\/div>\n\t\t\t\t<\/div>\n\t\t<div class=\"elementor-element elementor-element-b15dc54 e-flex e-con-boxed e-con e-parent\" data-id=\"b15dc54\" data-element_type=\"container\" data-e-type=\"container\" data-settings=\"{&quot;background_background&quot;:&quot;classic&quot;}\">\n\t\t\t\t\t<div class=\"e-con-inner\">\n\t\t\t\t<div class=\"elementor-element elementor-element-e666639 elementor-widget elementor-widget-heading\" data-id=\"e666639\" data-element_type=\"widget\" data-e-type=\"widget\" data-widget_type=\"heading.default\">\n\t\t\t\t<div class=\"elementor-widget-container\">\n\t\t\t\t\t<h2 class=\"elementor-heading-title elementor-size-default\">\nGrandir dans la foi : recevoir les sacrements\n<\/h2>\t\t\t\t<\/div>\n\t\t\t\t<\/div>\n\t\t\t\t\t<\/div>\n\t\t\t\t<\/div>\n\t\t<div class=\"elementor-element elementor-element-fc27b2d e-flex e-con-boxed e-con e-parent\" data-id=\"fc27b2d\" data-element_type=\"container\" data-e-type=\"container\" data-settings=\"{&quot;background_background&quot;:&quot;classic&quot;}\">\n\t\t\t\t\t<div class=\"e-con-inner\">\n\t\t<div class=\"elementor-element elementor-element-f42fd2f e-con-full e-flex e-con e-child\" data-id=\"f42fd2f\" data-element_type=\"container\" data-e-type=\"container\">\n\t\t\t\t<div class=\"elementor-element elementor-element-74ce275 elementor-widget elementor-widget-text-editor\" data-id=\"74ce275\" data-element_type=\"widget\" data-e-type=\"widget\" data-widget_type=\"text-editor.default\">\n\t\t\t\t<div class=\"elementor-widget-container\">\n\t\t\t\t\t\t\t\t\t<h5>Il est possible de recevoir le bapt\u00eame et la premi\u00e8re communion \u00e0 tout \u00e2ge.<\/h5><h5>Une \u00e9quipe assure ces pr\u00e9parations chaque ann\u00e9e.<\/h5><h5>Les jeunes qui souhaitent recevoir le bapt\u00eame ou la 1\u00e8re des communion sont invit\u00e9s \u00e0 participer aux rencontres de l&rsquo;aum\u00f4nerie avec les autres jeunes de leur \u00e2ges. Ils auront par ailleurs des temps sp\u00e9cifiques pour pr\u00e9parer les sacrements.<\/h5>\t\t\t\t\t\t\t\t<\/div>\n\t\t\t\t<\/div>\n\t\t\t\t<\/div>\n\t\t<div class=\"elementor-element elementor-element-0e193e2 e-con-full e-flex e-con e-child\" data-id=\"0e193e2\" data-element_type=\"container\" data-e-type=\"container\">\n\t\t\t\t<div class=\"elementor-element elementor-element-e68188a elementor-widget elementor-widget-button\" data-id=\"e68188a\" data-element_type=\"widget\" data-e-type=\"widget\" data-widget_type=\"button.default\">\n\t\t\t\t<div class=\"elementor-widget-container\">\n\t\t\t\t\t\t\t\t\t<div class=\"elementor-button-wrapper\">\n\t\t\t\t\t<a class=\"elementor-button elementor-button-link elementor-size-sm\" href=\"https:\/\/my.rowshare.com\/survey\/391dc33508ab4f25ad5cec8bf1b7e535\">\n\t\t\t\t\t\t<span class=\"elementor-button-content-wrapper\">\n\t\t\t\t\t\t\t\t\t<span class=\"elementor-button-text\">Inscription en ligne sur ce lien<\/span>\n\t\t\t\t\t<\/span>\n\t\t\t\t\t<\/a>\n\t\t\t\t<\/div>\n\t\t\t\t\t\t\t\t<\/div>\n\t\t\t\t<\/div>\n\t\t\t\t<div class=\"elementor-element elementor-element-516b018 elementor-widget elementor-widget-button\" data-id=\"516b018\" data-element_type=\"widget\" data-e-type=\"widget\" data-widget_type=\"button.default\">\n\t\t\t\t<div class=\"elementor-widget-container\">\n\t\t\t\t\t\t\t\t\t<div class=\"elementor-button-wrapper\">\n\t\t\t\t\t<a class=\"elementor-button elementor-button-link elementor-size-sm\" href=\"https:\/\/www.secteur-lafertealais.fr\/wp-content\/uploads\/2025\/11\/Parcours-de-preparation-au-bapteme-des-ados-2025-2026.pdf\">\n\t\t\t\t\t\t<span class=\"elementor-button-content-wrapper\">\n\t\t\t\t\t\t\t\t\t<span class=\"elementor-button-text\">Pr\u00e9sentation du parcours bapt\u00eame 1\u00e8re communion ados 2025-2026<\/span>\n\t\t\t\t\t<\/span>\n\t\t\t\t\t<\/a>\n\t\t\t\t<\/div>\n\t\t\t\t\t\t\t\t<\/div>\n\t\t\t\t<\/div>\n\t\t\t\t<div class=\"elementor-element elementor-element-5c6fe8e elementor-widget elementor-widget-button\" data-id=\"5c6fe8e\" data-element_type=\"widget\" data-e-type=\"widget\" data-widget_type=\"button.default\">\n\t\t\t\t<div class=\"elementor-widget-container\">\n\t\t\t\t\t\t\t\t\t<div class=\"elementor-button-wrapper\">\n\t\t\t\t\t<a class=\"elementor-button elementor-button-link elementor-size-sm\" href=\"https:\/\/www.secteur-lafertealais.fr\/wp-content\/uploads\/2025\/11\/Parcours-de-preparation-1ere-communion-des-ados-2025-2026.pdf\">\n\t\t\t\t\t\t<span class=\"elementor-button-content-wrapper\">\n\t\t\t\t\t\t\t\t\t<span class=\"elementor-button-text\">Pr\u00e9sentation du parcours 1\u00e8re communion ados 2025-2026<\/span>\n\t\t\t\t\t<\/span>\n\t\t\t\t\t<\/a>\n\t\t\t\t<\/div>\n\t\t\t\t\t\t\t\t<\/div>\n\t\t\t\t<\/div>\n\t\t\t\t<div class=\"elementor-element elementor-element-c8c8f37 elementor-widget elementor-widget-text-editor\" data-id=\"c8c8f37\" data-element_type=\"widget\" data-e-type=\"widget\" data-widget_type=\"text-editor.default\">\n\t\t\t\t<div class=\"elementor-widget-container\">\n\t\t\t\t\t\t\t\t\t<h5>Pour plus de renseignements contactez le P\u00e8re Nils<br \/>06 89 97 37 19<br \/>nils.gennesaret@gmail.com<\/h5>\t\t\t\t\t\t\t\t<\/div>\n\t\t\t\t<\/div>\n\t\t\t\t<\/div>\n\t\t\t\t\t<\/div>\n\t\t\t\t<\/div>\n\t\t<div class=\"elementor-element elementor-element-abf37fc e-grid e-con-boxed e-con e-parent\" data-id=\"abf37fc\" data-element_type=\"container\" data-e-type=\"container\" data-settings=\"{&quot;background_background&quot;:&quot;classic&quot;}\">\n\t\t\t\t\t<div class=\"e-con-inner\">\n\t\t\t\t<div class=\"elementor-element elementor-element-932bdd7 elementor-widget elementor-widget-heading\" data-id=\"932bdd7\" data-element_type=\"widget\" data-e-type=\"widget\" data-widget_type=\"heading.default\">\n\t\t\t\t<div class=\"elementor-widget-container\">\n\t\t\t\t\t<h2 class=\"elementor-heading-title elementor-size-default\">Pr\u00e9paration au bapt\u00eame Ados<\/h2>\t\t\t\t<\/div>\n\t\t\t\t<\/div>\n\t\t\t\t<div class=\"elementor-element elementor-element-b8b607e elementor-widget elementor-widget-shortcode\" data-id=\"b8b607e\" data-element_type=\"widget\" data-e-type=\"widget\" data-widget_type=\"shortcode.default\">\n\t\t\t\t<div class=\"elementor-widget-container\">\n\t\t\t\t\t\t\t<div class=\"elementor-shortcode\"><iframe src=\"https:\/\/calendar.google.com\/calendar\/embed?height=300&wkst=1&ctz=Europe%2FParis&showPrint=0&hl=fr&showTz=0&showTabs=0&mode=AGENDA&title=Agenda%20pr%C3%A9pa%201%C3%A8re%20Com%20Ados&src=MWU4YzljYTBlYTcyZmU3MmQ2NDhkYjI1OWViZGYwN2UzZTBmOWU0ZmYwZDNmNTQzMDk3YWE1ZGQ5NGJkOGI3YUBncm91cC5jYWxlbmRhci5nb29nbGUuY29t&src=MmUwMTQwNDlmZDZhY2Q2MWVhYTZjODdjMGM1ZDZhODc4ZWVlYjExM2VhNzQxN2IxMTBlODJhYzdkNjM0M2E4N0Bncm91cC5jYWxlbmRhci5nb29nbGUuY29t&color=%23A79B8E&color=%23616161\" style=\"border:solid 1px #777\" width=\"800\" height=\"300\" frameborder=\"0\" scrolling=\"no\"><\/iframe><\/div>\n\t\t\t\t\t\t<\/div>\n\t\t\t\t<\/div>\n\t\t\t\t\t<\/div>\n\t\t\t\t<\/div>\n\t\t<div class=\"elementor-element elementor-element-30cec56 e-grid e-con-boxed e-con e-parent\" data-id=\"30cec56\" data-element_type=\"container\" data-e-type=\"container\" data-settings=\"{&quot;background_background&quot;:&quot;classic&quot;}\">\n\t\t\t\t\t<div class=\"e-con-inner\">\n\t\t\t\t<div class=\"elementor-element elementor-element-845e65a elementor-widget elementor-widget-heading\" data-id=\"845e65a\" data-element_type=\"widget\" data-e-type=\"widget\" data-widget_type=\"heading.default\">\n\t\t\t\t<div class=\"elementor-widget-container\">\n\t\t\t\t\t<h2 class=\"elementor-heading-title elementor-size-default\">Pr\u00e9paration \u00e0 la 1\u00e8re communion Ados<\/h2>\t\t\t\t<\/div>\n\t\t\t\t<\/div>\n\t\t\t\t<div class=\"elementor-element elementor-element-89f55f9 elementor-widget elementor-widget-shortcode\" data-id=\"89f55f9\" data-element_type=\"widget\" data-e-type=\"widget\" data-widget_type=\"shortcode.default\">\n\t\t\t\t<div class=\"elementor-widget-container\">\n\t\t\t\t\t\t\t<div class=\"elementor-shortcode\"><iframe src=\"https:\/\/calendar.google.com\/calendar\/embed?height=300&wkst=1&ctz=Europe%2FParis&showPrint=0&hl=fr&showTz=0&showTabs=0&mode=AGENDA&title=Agenda%20pr%C3%A9pa%201%C3%A8re%20Com%20Ados&src=NTBhYzRmMGRhMGI5NTY4ZjRkNjEzZGI1Y2I4ZDBlNGRkZmY1MDdhNzk1ODQwMzMyYzBmZDJiNTYxZDJkZjk4N0Bncm91cC5jYWxlbmRhci5nb29nbGUuY29t&src=MWU4YzljYTBlYTcyZmU3MmQ2NDhkYjI1OWViZGYwN2UzZTBmOWU0ZmYwZDNmNTQzMDk3YWE1ZGQ5NGJkOGI3YUBncm91cC5jYWxlbmRhci5nb29nbGUuY29t&color=%23AD1457&color=%23A79B8E\" style=\"border:solid 1px #777\" width=\"800\" height=\"300\" frameborder=\"0\" scrolling=\"no\"><\/iframe><\/div>\n\t\t\t\t\t\t<\/div>\n\t\t\t\t<\/div>\n\t\t\t\t\t<\/div>\n\t\t\t\t<\/div>\n\t\t<div class=\"elementor-element elementor-element-f2aa179 e-flex e-con-boxed e-con e-parent\" data-id=\"f2aa179\" data-element_type=\"container\" data-e-type=\"container\" data-settings=\"{&quot;background_background&quot;:&quot;classic&quot;}\">\n\t\t\t\t\t<div class=\"e-con-inner\">\n\t\t<div class=\"elementor-element elementor-element-0c62942 e-con-full e-flex e-con e-child\" data-id=\"0c62942\" data-element_type=\"container\" data-e-type=\"container\">\n\t\t\t\t<div class=\"elementor-element elementor-element-56c8a27 elementor-widget elementor-widget-menu-anchor\" data-id=\"56c8a27\" data-element_type=\"widget\" data-e-type=\"widget\" data-widget_type=\"menu-anchor.default\">\n\t\t\t\t<div class=\"elementor-widget-container\">\n\t\t\t\t\t\t\t<div class=\"elementor-menu-anchor\" id=\"educationados\"><\/div>\n\t\t\t\t\t\t<\/div>\n\t\t\t\t<\/div>\n\t\t\t\t<\/div>\n\t\t\t\t\t<\/div>\n\t\t\t\t<\/div>\n\t\t<div class=\"elementor-element elementor-element-6c10f44 e-flex e-con-boxed e-con e-parent\" data-id=\"6c10f44\" data-element_type=\"container\" data-e-type=\"container\" data-settings=\"{&quot;background_background&quot;:&quot;classic&quot;}\">\n\t\t\t\t\t<div class=\"e-con-inner\">\n\t\t\t\t<div class=\"elementor-element elementor-element-bd3739f elementor-widget elementor-widget-heading\" data-id=\"bd3739f\" data-element_type=\"widget\" data-e-type=\"widget\" data-widget_type=\"heading.default\">\n\t\t\t\t<div class=\"elementor-widget-container\">\n\t\t\t\t\t<h2 class=\"elementor-heading-title elementor-size-default\">Scoutisme<\/h2>\t\t\t\t<\/div>\n\t\t\t\t<\/div>\n\t\t\t\t\t<\/div>\n\t\t\t\t<\/div>\n\t\t<div class=\"elementor-element elementor-element-9af2a68 e-flex e-con-boxed e-con e-parent\" data-id=\"9af2a68\" data-element_type=\"container\" data-e-type=\"container\" data-settings=\"{&quot;background_background&quot;:&quot;classic&quot;}\">\n\t\t\t\t\t<div class=\"e-con-inner\">\n\t\t<div class=\"elementor-element elementor-element-950fa7f e-con-full e-flex e-con e-child\" data-id=\"950fa7f\" data-element_type=\"container\" data-e-type=\"container\">\n\t\t\t\t<div class=\"elementor-element elementor-element-40cd44d elementor-widget elementor-widget-text-editor\" data-id=\"40cd44d\" data-element_type=\"widget\" data-e-type=\"widget\" data-widget_type=\"text-editor.default\">\n\t\t\t\t<div class=\"elementor-widget-container\">\n\t\t\t\t\t\t\t\t\t<h5>Les mouvements scouts offrent aux jeunes des moyens formidables pour grandir humainement et spirituellement. N&rsquo;h\u00e9sitez pas \u00e0 venir d\u00e9couvrir ce que le scoutisme propose.<\/h5><h5>Plusieurs mouvements existent sur le secteur<\/h5>\t\t\t\t\t\t\t\t<\/div>\n\t\t\t\t<\/div>\n\t\t\t\t<\/div>\n\t\t<div class=\"elementor-element elementor-element-3680466 e-con-full e-flex e-con e-child\" data-id=\"3680466\" data-element_type=\"container\" data-e-type=\"container\">\n\t\t\t\t<div class=\"elementor-element elementor-element-0f25986 elementor-widget elementor-widget-text-editor\" data-id=\"0f25986\" data-element_type=\"widget\" data-e-type=\"widget\" data-widget_type=\"text-editor.default\">\n\t\t\t\t<div class=\"elementor-widget-container\">\n\t\t\t\t\t\t\t\t\t<h4><strong>Scouts et Guides de France (SGDF)<\/strong><\/h4><p>\u25c6 Groupe des 2 rivi\u00e8res Juine-<br \/>Essonne<br \/>T\u00e9l\u00e9phone :\u00a0<span dir=\"ltr\">0622130963<\/span><\/p><p>Email :\u00a0<a href=\"mailto:sgdf.2rivieres@gmail.com\" target=\"_blank\" rel=\"noopener\">sgdf.2rivieres@gmail.com<\/a><br \/>Site :\u00a0<a href=\"https:\/\/sites.sgdf.fr\/2-rivieres-juine-et-essonne\/\" target=\"_blank\" rel=\"noopener\">https:\/\/sites.sgdf.fr\/2-rivieres-juine-et-essonne\/<\/a><br \/>\u25c6 Groupe Saint-Pierre (Mennecy)<br \/>Murielle Fata \u00b7 06 61 99 66 49<br \/>sgdf.valdesssonne@gmail.com<\/p><h4>Guides et Scouts d\u2019Europe<\/h4><p>Patrick Aug\u00e9<br \/>06 84 70 75 28<br \/>acgpatrick.auge@yahoo.fr<\/p>\t\t\t\t\t\t\t\t<\/div>\n\t\t\t\t<\/div>\n\t\t\t\t<\/div>\n\t\t\t\t\t<\/div>\n\t\t\t\t<\/div>\n\t\t<div class=\"elementor-element elementor-element-4f182ad0 e-flex e-con-boxed e-con e-parent\" data-id=\"4f182ad0\" data-element_type=\"container\" data-e-type=\"container\">\n\t\t\t\t\t<div class=\"e-con-inner\">\n\t\t<div class=\"elementor-element elementor-element-582eb80b e-con-full e-flex e-con e-child\" data-id=\"582eb80b\" data-element_type=\"container\" data-e-type=\"container\">\n\t\t\t\t<div class=\"elementor-element elementor-element-2bcb2ea0 elementor-widget elementor-widget-menu-anchor\" data-id=\"2bcb2ea0\" data-element_type=\"widget\" data-e-type=\"widget\" data-widget_type=\"menu-anchor.default\">\n\t\t\t\t<div class=\"elementor-widget-container\">\n\t\t\t\t\t\t\t<div class=\"elementor-menu-anchor\" id=\"agendasaep\"><\/div>\n\t\t\t\t\t\t<\/div>\n\t\t\t\t<\/div>\n\t\t\t\t<\/div>\n\t\t\t\t\t<\/div>\n\t\t\t\t<\/div>\n\t\t<div class=\"elementor-element elementor-element-1122592e e-flex e-con-boxed e-con e-parent\" data-id=\"1122592e\" data-element_type=\"container\" data-e-type=\"container\" data-settings=\"{&quot;background_background&quot;:&quot;classic&quot;}\">\n\t\t\t\t\t<div class=\"e-con-inner\">\n\t\t\t\t<div class=\"elementor-element elementor-element-46a012be elementor-widget elementor-widget-heading\" data-id=\"46a012be\" data-element_type=\"widget\" data-e-type=\"widget\" data-widget_type=\"heading.default\">\n\t\t\t\t<div class=\"elementor-widget-container\">\n\t\t\t\t\t<h2 class=\"elementor-heading-title elementor-size-default\">Agendas<\/h2>\t\t\t\t<\/div>\n\t\t\t\t<\/div>\n\t\t\t\t\t<\/div>\n\t\t\t\t<\/div>\n\t\t<div class=\"elementor-element elementor-element-58413473 e-flex e-con-boxed e-con e-parent\" data-id=\"58413473\" data-element_type=\"container\" data-e-type=\"container\" data-settings=\"{&quot;background_background&quot;:&quot;classic&quot;}\">\n\t\t\t\t\t<div class=\"e-con-inner\">\n\t\t<div class=\"elementor-element elementor-element-69f0d956 e-con-full e-flex e-con e-child\" data-id=\"69f0d956\" data-element_type=\"container\" data-e-type=\"container\">\n\t\t\t\t<div class=\"elementor-element elementor-element-4a1105fb elementor-widget elementor-widget-text-editor\" data-id=\"4a1105fb\" data-element_type=\"widget\" data-e-type=\"widget\" data-widget_type=\"text-editor.default\">\n\t\t\t\t<div class=\"elementor-widget-container\">\n\t\t\t\t\t\t\t\t\t<p>Vous trouverez les agendas des diff\u00e9rents groupes identifiables par couleur<\/p>\t\t\t\t\t\t\t\t<\/div>\n\t\t\t\t<\/div>\n\t\t\t\t<div class=\"elementor-element elementor-element-7364132 elementor-widget elementor-widget-shortcode\" data-id=\"7364132\" data-element_type=\"widget\" data-e-type=\"widget\" data-widget_type=\"shortcode.default\">\n\t\t\t\t<div class=\"elementor-widget-container\">\n\t\t\t\t\t\t\t<div class=\"elementor-shortcode\"><iframe src=\"https:\/\/calendar.google.com\/calendar\/embed?height=300&wkst=1&ctz=Europe%2FParis&showPrint=0&mode=AGENDA&src=MDkwNTQ4NTM0N2QyY2RjMDY0N2E5MWFkMjY0NWFkYzA4OTk4YTUzODQ1ZTAwNGIzMGU1OWQzNzNkZmIxYmVkY0Bncm91cC5jYWxlbmRhci5nb29nbGUuY29t&src=M2FmZDBjZjgwNjE0NTUwMDBjODgzMTA3ZGI2ZmUxZDUxYzVlM2EwZTQ0Mjc0NjY5ZjU5ZWY0NjUxYTJiMzZiM0Bncm91cC5jYWxlbmRhci5nb29nbGUuY29t&src=ZWE4MTBhYmQzOWRiMDg1OThiNTU1YWI0ZjJjODMyOWMyNTQwNTM2MGY1ZDVjNmI1NWQzMzhmNmMwNTc2YmU2MUBncm91cC5jYWxlbmRhci5nb29nbGUuY29t&src=Yzk0MGYyNDQ4Njc5Mzk4M2FkZmE1ZDc1ZjIyNzJmOWViN2VhNmEzNTg3YzRkOTdmOGZjNDNkYWNiM2U2NDU0OEBncm91cC5jYWxlbmRhci5nb29nbGUuY29t&src=M2NmMTgzM2Y4YTcxOTYxODE0NThlNWU4M2Y2ZWM5MTM0NmZhY2QwYjQ1OGQyZDQ0MmY1MjZhYTFjODk4OGZlOUBncm91cC5jYWxlbmRhci5nb29nbGUuY29t&src=ZGY1NjE2M2FkZTEzYmQ1YjJjNDAwYTBhZTA5ZGI3OWZmNmU2NzFlMzEzOTU2NjEwYmFjYjU2YzlhYTQxZGIwM0Bncm91cC5jYWxlbmRhci5nb29nbGUuY29t&src=NjczNDlmNTcxNWI5ODVmMjE2MGI0MmUzOTFlYjE1NWJiM2Y3MDA0MDExZjQxMjRlZmVmODU0MTE5MmJlOGNmM0Bncm91cC5jYWxlbmRhci5nb29nbGUuY29t&color=%23D81B60&color=%23F6BF26&color=%23039BE5&color=%2333B679&color=%230B8043&color=%23EF6C00&color=%238E24AA\" style=\"border:solid 1px #777\" width=\"800\" height=\"300\" frameborder=\"0\" scrolling=\"no\"><\/iframe><\/div>\n\t\t\t\t\t\t<\/div>\n\t\t\t\t<\/div>\n\t\t\t\t<\/div>\n\t\t\t\t\t<\/div>\n\t\t\t\t<\/div>\n\t\t\t\t<\/div>\n\t\t","protected":false},"excerpt":{"rendered":"<p>Aum\u00f4nerie 12-18 ans recevoir les sacrements Scoutisme Agendas coll\u00e8ge Lyc\u00e9e Aum\u00f4nerie des jeunes L&rsquo;aum\u00f4nerie s&rsquo;adresse aux jeunes scolaris\u00e9s de la 6\u00b0 \u00e0 la terminale ou d&rsquo;\u00e2ges \u00e9quivalents.Elle propose des parcours adapt\u00e9s par niveaux 6\u00b0, 5\u00b0, 4\u00b0\/3\u00b0 et second cycle.Les objectifs principaux sont d&rsquo;accompagner les jeunes sur leur chemin de foi et de vie.Il s&rsquo;agit d&rsquo;abord [&hellip;]<\/p>\n","protected":false},"author":1,"featured_media":0,"parent":0,"menu_order":0,"comment_status":"closed","ping_status":"closed","template":"","meta":{"footnotes":""},"class_list":["post-237","page","type-page","status-publish","hentry"],"jetpack_sharing_enabled":true,"_links":{"self":[{"href":"https:\/\/www.secteur-lafertealais.fr\/index.php\/wp-json\/wp\/v2\/pages\/237"}],"collection":[{"href":"https:\/\/www.secteur-lafertealais.fr\/index.php\/wp-json\/wp\/v2\/pages"}],"about":[{"href":"https:\/\/www.secteur-lafertealais.fr\/index.php\/wp-json\/wp\/v2\/types\/page"}],"author":[{"embeddable":true,"href":"https:\/\/www.secteur-lafertealais.fr\/index.php\/wp-json\/wp\/v2\/users\/1"}],"replies":[{"embeddable":true,"href":"https:\/\/www.secteur-lafertealais.fr\/index.php\/wp-json\/wp\/v2\/comments?post=237"}],"version-history":[{"count":69,"href":"https:\/\/www.secteur-lafertealais.fr\/index.php\/wp-json\/wp\/v2\/pages\/237\/revisions"}],"predecessor-version":[{"id":9750,"href":"https:\/\/www.secteur-lafertealais.fr\/index.php\/wp-json\/wp\/v2\/pages\/237\/revisions\/9750"}],"wp:attachment":[{"href":"https:\/\/www.secteur-lafertealais.fr\/index.php\/wp-json\/wp\/v2\/media?parent=237"}],"curies":[{"name":"wp","href":"https:\/\/api.w.org\/{rel}","templated":true}]}}