{"id":279,"date":"2016-11-17T16:22:23","date_gmt":"2016-11-17T15:22:23","guid":{"rendered":"http:\/\/localhost\/wordpress\/?page_id=279"},"modified":"2019-12-19T16:27:17","modified_gmt":"2019-12-19T15:27:17","slug":"union-de-prieres","status":"publish","type":"page","link":"https:\/\/www.secteur-lafertealais.fr\/index.php\/union-de-prieres\/","title":{"rendered":"Union de pri\u00e8res"},"content":{"rendered":"<p style=\"text-align: center;\"><img decoding=\"async\" class=\"alignnone  wp-image-7470\" src=\"http:\/\/www.secteur-lafertealais.fr\/wp-content\/uploads\/2019\/12\/bougie.jpg\" alt=\"\" width=\"126\" height=\"186\" \/><\/p>\n<p style=\"text-align: justify;\"><strong>\u00ab\u00a0Union de pri\u00e8res\u201d<\/strong>\u00a0\u00a0\u00a0(voir dernier bulletin) \u00a0 a pour premi\u00e8re vocation d\u2019unir et de soutenir la pri\u00e8re cach\u00e9e de celles et ceux qui ne peuvent se d\u00e9placer, qui sont isol\u00e9s de leur communaut\u00e9 paroissiale (en raison de leur grand \u00e2ge ou de la maladie). Ainsi, unies par la pri\u00e8re, ces personnes peuvent retrouver leur place dans l\u2019Eglise.<br \/>\nDe leur c\u00f4t\u00e9, elles s\u2019engagent \u00e0 prier r\u00e9guli\u00e8rement pour les intentions du secteur pastoral (l\u2019important n\u2019est pas la quantit\u00e9, mais la r\u00e9gularit\u00e9), unissant leurs forces pour que l\u2019Eglise vive\u00a0!<br \/>\nLes personnes qui ne peuvent se d\u00e9placer ou sont isol\u00e9es ont alors toute leur place dans l\u2019Eglise, Corps mystique de J\u00e9sus-Christ.<br \/>\n<em>\u201cQuant \u00e0 la communaut\u00e9 chr\u00e9tienne, elle peut recevoir beaucoup de la pr\u00e9sence sereine de ceux qui sont avanc\u00e9s en \u00e2ge. C&rsquo;est vraiment lorsque diminuent leurs \u00e9nergies et leurs capacit\u00e9s d&rsquo;agir, que nos fr\u00e8res et s\u0153urs plus \u00e2g\u00e9s deviennent d&rsquo;autant plus pr\u00e9cieux dans le dessein myst\u00e9rieux de la Providence.\u00a0\u00bb<\/em> (Jean-Paul II, <em>Lettre aux personnes \u00e2g\u00e9es,<\/em> 1999)<\/p>\n<p style=\"text-align: justify;\">Bien s\u00fbr, toute personne croyante peut s\u2019associer \u00e0 ce mouvement et entrer ainsi dans la vie spirituelle de l\u2019Eglise. Mais celles et ceux qui ne sont pas limit\u00e9s par l\u2019\u00e2ge ou la maladie ont la chance non seulement de prier mais aussi de participer activement et concr\u00e8tement \u00e0 la vie de leur paroisse.<\/p>\n<p style=\"text-align: justify;\">Pour tous, le fait de s\u2019engager \u00e0 prier r\u00e9guli\u00e8rement aux intentions du secteur pastoral permet de recevoir un bulletin mensuel o\u00f9 se trouvent les dites intentions, des pri\u00e8res et partages pour nourrir la pri\u00e8re de chacun.<\/p>\n","protected":false},"excerpt":{"rendered":"<p>\u00ab\u00a0Union de pri\u00e8res\u201d\u00a0\u00a0\u00a0(voir dernier bulletin) \u00a0 a pour premi\u00e8re vocation d\u2019unir et de soutenir la pri\u00e8re cach\u00e9e de celles et ceux qui ne peuvent se d\u00e9placer, qui sont isol\u00e9s de leur communaut\u00e9 paroissiale (en raison de leur grand \u00e2ge ou de la maladie). Ainsi, unies par la pri\u00e8re, ces personnes peuvent retrouver leur place dans [&hellip;]<\/p>\n","protected":false},"author":1,"featured_media":0,"parent":0,"menu_order":0,"comment_status":"closed","ping_status":"closed","template":"","meta":{"footnotes":""},"class_list":["post-279","page","type-page","status-publish","hentry"],"jetpack_sharing_enabled":true,"_links":{"self":[{"href":"https:\/\/www.secteur-lafertealais.fr\/index.php\/wp-json\/wp\/v2\/pages\/279"}],"collection":[{"href":"https:\/\/www.secteur-lafertealais.fr\/index.php\/wp-json\/wp\/v2\/pages"}],"about":[{"href":"https:\/\/www.secteur-lafertealais.fr\/index.php\/wp-json\/wp\/v2\/types\/page"}],"author":[{"embeddable":true,"href":"https:\/\/www.secteur-lafertealais.fr\/index.php\/wp-json\/wp\/v2\/users\/1"}],"replies":[{"embeddable":true,"href":"https:\/\/www.secteur-lafertealais.fr\/index.php\/wp-json\/wp\/v2\/comments?post=279"}],"version-history":[{"count":3,"href":"https:\/\/www.secteur-lafertealais.fr\/index.php\/wp-json\/wp\/v2\/pages\/279\/revisions"}],"predecessor-version":[{"id":7473,"href":"https:\/\/www.secteur-lafertealais.fr\/index.php\/wp-json\/wp\/v2\/pages\/279\/revisions\/7473"}],"wp:attachment":[{"href":"https:\/\/www.secteur-lafertealais.fr\/index.php\/wp-json\/wp\/v2\/media?parent=279"}],"curies":[{"name":"wp","href":"https:\/\/api.w.org\/{rel}","templated":true}]}}